{"id":1261,"date":"2025-11-14T09:17:30","date_gmt":"2025-11-14T09:17:30","guid":{"rendered":"https:\/\/new.mallorcabauimmobilien.de\/?page_id=1261"},"modified":"2026-04-24T10:07:51","modified_gmt":"2026-04-24T10:07:51","slug":"politicas-de-cookies","status":"publish","type":"page","link":"https:\/\/mallorcabauimmobilien.de\/?page_id=1261","title":{"rendered":"Pol\u00edticas de Cookies"},"content":{"rendered":"\t\t<div data-elementor-type=\"wp-page\" data-elementor-id=\"1261\" class=\"elementor elementor-1261\">\n\t\t\t\t\t\t<section class=\"elementor-section elementor-top-section elementor-element elementor-element-b063609 elementor-section-full_width elementor-section-height-default elementor-section-height-default\" data-id=\"b063609\" data-element_type=\"section\" data-settings=\"{&quot;background_background&quot;:&quot;classic&quot;}\">\n\t\t\t\t\t\t<div class=\"elementor-container elementor-column-gap-default\">\n\t\t\t\t\t<div class=\"elementor-column elementor-col-100 elementor-top-column elementor-element elementor-element-8c077d9\" data-id=\"8c077d9\" data-element_type=\"column\">\n\t\t\t<div class=\"elementor-widget-wrap elementor-element-populated\">\n\t\t\t\t\t\t\t<\/div>\n\t\t<\/div>\n\t\t\t\t\t<\/div>\n\t\t<\/section>\n\t\t\t\t<section class=\"elementor-section elementor-top-section elementor-element elementor-element-d9cecf5 elementor-section-full_width elementor-section-height-default elementor-section-height-default\" data-id=\"d9cecf5\" data-element_type=\"section\" data-settings=\"{&quot;background_background&quot;:&quot;classic&quot;}\">\n\t\t\t\t\t\t<div class=\"elementor-container elementor-column-gap-default\">\n\t\t\t\t\t<div class=\"elementor-column elementor-col-100 elementor-top-column elementor-element elementor-element-aa1e7f6\" data-id=\"aa1e7f6\" data-element_type=\"column\">\n\t\t\t<div class=\"elementor-widget-wrap elementor-element-populated\">\n\t\t\t\t\t\t<div class=\"elementor-element elementor-element-08a952f elementor-widget__width-auto elementor-widget elementor-widget-eli-logo\" data-id=\"08a952f\" data-element_type=\"widget\" data-widget_type=\"eli-logo.default\">\n\t\t\t\t<div class=\"elementor-widget-container\">\n\t\t\t\t\t<div class=\"widget-eli eli-logo\" id=\"eli_9082159\">\n    <div class=\"eli_container\">\n                    <a href=\"https:\/\/mallorcabauimmobilien.de\/\"  class=\"custom-logo-link\">\n                <img decoding=\"async\" src=\"https:\/\/mallorcabauimmobilien.de\/wp-content\/uploads\/2026\/01\/logo-mallorca-bau-immobiliem.png\" alt=\"Mallorca Bau Immobilien\">\n            <\/a>\n            <\/div>\n<\/div>\t\t\t\t<\/div>\n\t\t\t\t<\/div>\n\t\t\t\t\t<\/div>\n\t\t<\/div>\n\t\t\t\t\t<\/div>\n\t\t<\/section>\n\t\t\t\t<section class=\"elementor-section elementor-top-section elementor-element elementor-element-58f84da elementor-section-full_width elementor-section-height-default elementor-section-height-default\" data-id=\"58f84da\" data-element_type=\"section\" data-settings=\"{&quot;background_background&quot;:&quot;classic&quot;}\">\n\t\t\t\t\t\t<div class=\"elementor-container elementor-column-gap-default\">\n\t\t\t\t\t<div class=\"elementor-column elementor-col-100 elementor-top-column elementor-element elementor-element-8729418\" data-id=\"8729418\" data-element_type=\"column\">\n\t\t\t<div class=\"elementor-widget-wrap elementor-element-populated\">\n\t\t\t\t\t\t<div class=\"elementor-element elementor-element-b615a2d elementor-widget elementor-widget-text-editor\" data-id=\"b615a2d\" data-element_type=\"widget\" data-widget_type=\"text-editor.default\">\n\t\t\t\t\t\t\t\t\t<p style=\"text-align: center;\"><span style=\"box-sizing: inherit; color: #999999; font-family: Inter, sans-serif; font-size: 16px; font-style: normal; font-variant-ligatures: normal; font-variant-caps: normal;\"><span style=\"font-size: 16px; font-style: normal; font-variant-ligatures: normal; font-variant-caps: normal; font-family: Inter, sans-serif;\"><b>+INFO.<\/b><\/span><span style=\"font-weight: 400; font-size: 16px; font-style: normal; font-variant-ligatures: normal; font-variant-caps: normal; font-family: Inter, sans-serif;\">: <strong>+34<\/strong> <strong><a href=\"tel:0034971670734\"><span class=\"elementor-icon-list-text\">971 670 734<\/span><\/a>.\u00a0 <\/strong><\/span><span style=\"font-size: 16px; font-style: normal; font-variant-ligatures: normal; font-variant-caps: normal; font-family: Inter, sans-serif;\"><b>+34 615 640 952. &#8211; <\/b><\/span><\/span><span style=\"color: #999999; font-family: Inter, sans-serif; font-size: 16px; font-style: normal; font-variant-ligatures: normal; font-variant-caps: normal; font-weight: 400;\">Calle Sirenas, S\/N &#8211;\u00a0<\/span><span style=\"color: #999999;\"><span style=\"font-family: Inter, sans-serif; font-size: 16px; font-style: normal; font-variant-ligatures: normal; font-variant-caps: normal; font-weight: 400;\">Cala Vinyes, C.P: 07184 &#8211; <\/span><span style=\"font-family: Inter, sans-serif; font-size: 16px; font-style: normal; font-variant-ligatures: normal; font-variant-caps: normal; font-weight: 400;\">Calvi\u00e0 (Islas Baleares)<\/span><\/span><\/p>\t\t\t\t\t\t\t\t<\/div>\n\t\t\t\t\t<\/div>\n\t\t<\/div>\n\t\t\t\t\t<\/div>\n\t\t<\/section>\n\t\t\t\t<section class=\"elementor-section elementor-top-section elementor-element elementor-element-e7e99c8 elementor-section-boxed elementor-section-height-default elementor-section-height-default\" data-id=\"e7e99c8\" data-element_type=\"section\" data-settings=\"{&quot;background_background&quot;:&quot;classic&quot;}\">\n\t\t\t\t\t\t<div class=\"elementor-container elementor-column-gap-default\">\n\t\t\t\t\t<div class=\"elementor-column elementor-col-100 elementor-top-column elementor-element elementor-element-e1dc349\" data-id=\"e1dc349\" data-element_type=\"column\">\n\t\t\t<div class=\"elementor-widget-wrap elementor-element-populated\">\n\t\t\t\t\t\t<div class=\"elementor-element elementor-element-9520752 wl-nav-menu--indicator-classic wl-nav-menu--dropdown-tablet wl-nav-menu__text-align-aside wl-nav-menu--toggle wl-nav-menu--burger elementor-widget elementor-widget-eli-menu\" data-id=\"9520752\" data-element_type=\"widget\" data-settings=\"{&quot;layout&quot;:&quot;horizontal&quot;,&quot;toggle&quot;:&quot;burger&quot;}\" data-widget_type=\"eli-menu.default\">\n\t\t\t\t<div class=\"elementor-widget-container\">\n\t\t\t\t\t\n        <div class=\"widget-eli elementinvader-addons-for-elementor eli-menu elementor-clickable\" id=\"eli_156370770\">\n    <div class=\"eli-container\">\n        <div class=\"wl_nav_mask\"><\/div>\n                    <nav role=\"navigation\" class=\"wl-nav-menu--main wl-nav-menu__container wl-nav-menu--layout-horizontal\"><div class=\"menu-primary-menu-container\"><ul id=\"menu-1-9520752\" class=\"wl-nav-menu wl-nav-menu\"><li class=\"menu-item menu-item-type-custom menu-item-object-custom menu-item-295\"><a href=\"https:\/\/mallorcabauimmobilien.de\/?page_id=118&#038;search_category=1#results\" class=\"wl-item wl-item-anchor\">Villas<\/a><\/li>\n<li class=\"menu-item menu-item-type-custom menu-item-object-custom menu-item-294\"><a href=\"https:\/\/mallorcabauimmobilien.de\/?page_id=118&#038;search_category=2&#038;wmvc_view_type=grid&#038;order_by=post_id%20ASC#results\" class=\"wl-item wl-item-anchor\">Apartamentos<\/a><\/li>\n<li class=\"menu-item menu-item-type-custom menu-item-object-custom menu-item-296\"><a href=\"https:\/\/mallorcabauimmobilien.de\/?page_id=118&#038;search_category=5&#038;wmvc_view_type=grid&#038;order_by=post_id%20ASC#results\" class=\"wl-item wl-item-anchor\">Solares<\/a><\/li>\n<li class=\"menu-item menu-item-type-post_type menu-item-object-page menu-item-479\"><a href=\"https:\/\/mallorcabauimmobilien.de\/?page_id=474\" class=\"wl-item\">Contacto<\/a><\/li>\n<\/ul><\/div><\/nav>\n                    <div class=\"wl-menu-toggle\" role=\"button\" aria-label=\"Menu Toggle\" aria-expanded=\"false\">\n            <i aria-hidden=\"true\" class=\"eicon-menu-bar\"><\/i>                    <\/div>\n        <nav class=\"wl-nav-menu--dropdown wl-nav-menu__container\" role=\"navigation\" aria-hidden=\"true\">\n            <a href=\"#\" class=\"wl_close-menu\">\n                <span class=\"bar1\"><\/span>\n                <span class=\"bar3\"><\/span>\n            <\/a>\n            <div class=\"menu-primary-menu-container\"><ul id=\"menu-1-9520752\" class=\"wl-nav-menu wl-nav-menu\"><li class=\"menu-item menu-item-type-custom menu-item-object-custom menu-item-295\"><a href=\"https:\/\/mallorcabauimmobilien.de\/?page_id=118&#038;search_category=1#results\" class=\"wl-item wl-item-anchor\">Villas<\/a><\/li>\n<li class=\"menu-item menu-item-type-custom menu-item-object-custom menu-item-294\"><a href=\"https:\/\/mallorcabauimmobilien.de\/?page_id=118&#038;search_category=2&#038;wmvc_view_type=grid&#038;order_by=post_id%20ASC#results\" class=\"wl-item wl-item-anchor\">Apartamentos<\/a><\/li>\n<li class=\"menu-item menu-item-type-custom menu-item-object-custom menu-item-296\"><a href=\"https:\/\/mallorcabauimmobilien.de\/?page_id=118&#038;search_category=5&#038;wmvc_view_type=grid&#038;order_by=post_id%20ASC#results\" class=\"wl-item wl-item-anchor\">Solares<\/a><\/li>\n<li class=\"menu-item menu-item-type-post_type menu-item-object-page menu-item-479\"><a href=\"https:\/\/mallorcabauimmobilien.de\/?page_id=474\" class=\"wl-item\">Contacto<\/a><\/li>\n<\/ul><\/div>        <\/nav>\n    <\/div>\n    \n<\/div>\t\t\t\t<\/div>\n\t\t\t\t<\/div>\n\t\t\t\t\t<\/div>\n\t\t<\/div>\n\t\t\t\t\t<\/div>\n\t\t<\/section>\n\t\t<div class=\"elementor-element elementor-element-1869f8ea e-flex e-con-boxed e-con e-parent\" data-id=\"1869f8ea\" data-element_type=\"container\">\n\t\t\t\t\t<div class=\"e-con-inner\">\n\t\t\t\t<div class=\"elementor-element elementor-element-236492bf elementor-widget elementor-widget-spacer\" data-id=\"236492bf\" data-element_type=\"widget\" data-widget_type=\"spacer.default\">\n\t\t\t\t\t\t\t<div class=\"elementor-spacer\">\n\t\t\t<div class=\"elementor-spacer-inner\"><\/div>\n\t\t<\/div>\n\t\t\t\t\t\t<\/div>\n\t\t\t\t<div class=\"elementor-element elementor-element-23c138b8 elementor-widget elementor-widget-text-editor\" data-id=\"23c138b8\" data-element_type=\"widget\" data-widget_type=\"text-editor.default\">\n\t\t\t\t\t\t\t\t\t<header class=\"entry-header\"><div class=\"inner-wrap\"><header class=\"entry-header\"><div class=\"inner-wrap\"><h1 class=\"entry-title\">POLITICA DE COOKIES<\/h1><\/div><\/header><div class=\"entry-content\"><h3 class=\"wp-block-heading\">Las cookies son peque\u00f1as cantidades de informaci\u00f3n que se almacenan en el navegador utilizado por cada usuario para que el servidor recuerde cierta informaci\u00f3n que posteriormente pueda utilizar.<\/h3><h4 class=\"wp-block-heading\">TIPOS DE COOKIES QUE UTILIZAMOS<\/h4><p>Esta p\u00e1gina web utiliza cookies de terceros que son aquellas que se env\u00edan a tu ordenador o terminal desde un dominio o una p\u00e1gina web que no es gestionada por nosotros, sino por otra entidad que trata los datos obtenidos a trav\u00e9s de las cookies.<\/p><p>En este caso las Cookies son utilizadas con fines estad\u00edsticos relacionados con las visitas que recibe y las p\u00e1ginas que se consultan, quedando aceptado su uso al navegar por ella.<\/p><figure class=\"wp-block-table\"><table><tbody><tr><th>COOKIE<br \/>(Y PROVEEDOR)<\/th><th>DURACI\u00d3N<\/th><th>DESCRIPCI\u00d3N<\/th><\/tr><tr><td>__cfduid (notin.es)<\/td><td>Sesi\u00f3n<\/td><td>Publicidad<\/td><\/tr><tr><td>personalization_id (twitter.com)<\/td><td>Sesi\u00f3n<\/td><td>Twitter<\/td><\/tr><tr><td>Facebook<\/td><td>Publicidad, estad\u00edsticas y mediciones<\/td><td>Coloca Cookies en el ordenador o dispositivo y recibe la informaci\u00f3n almacenada en ellas cuando utilizas o visitas servicios prestados por otras empresas que utilizan los servicios de Facebook.<\/td><\/tr><tr><td>_ga (Google)<\/td><td>2 a\u00f1os<\/td><td>Se usa para distinguir a los usuarios.<\/td><\/tr><tr><td>_gid (Google)<\/td><td>24 horas<\/td><td>Se usa para distinguir a los usuarios.<\/td><\/tr><tr><td>_gat (Google)<\/td><td>1\u00a0minuto<\/td><td>Se usa para limitar el porcentaje de solicitudes. Si has implementado Google Analytics mediante Google\u00a0Tag\u00a0Manager, esta cookie se llamar\u00e1 _dc_gtm_<a href=\"https:\/\/uztai.com\/\" target=\"_blank\" rel=\"noreferrer noopener\">.<\/a><\/td><\/tr><tr><td>_gali (Google)<\/td><td>30s<\/td><td>Atribuci\u00f3n de enlace mejorada.<\/td><\/tr><tr><td>_unam (SHARETHIS)<\/td><td>Persistente<\/td><td>Su finalidad es cuantificar el n\u00famero de Usuarios que comparten un determinado contenido y cu\u00e1ntas p\u00e1ginas web son visitadas a ra\u00edz de esa acci\u00f3n.<\/td><\/tr><tr><td>WordPress<\/td><td>2 a\u00f1os<\/td><td>Utilizado para el correcto funcionamiento del gestor de contenido WordPress.<\/td><\/tr><\/tbody><\/table><\/figure><p>Si desea m\u00e1s informaci\u00f3n m\u00e1s sobre los tipos de cookies de seguimiento y an\u00e1lisis de datos de Google\u00a0<a href=\"https:\/\/www.google.com\/intl\/es_es\/policies\/technologies\/types\/\" target=\"_blank\" rel=\"noreferrer noopener\">haga clic aqu\u00ed<\/a>.<\/p><\/div><\/div><\/header>\t\t\t\t\t\t\t\t<\/div>\n\t\t\t\t\t<\/div>\n\t\t\t\t<\/div>\n\t\t\t\t<footer class=\"elementor-section elementor-top-section elementor-element elementor-element-295ec510 elementor-section-boxed elementor-section-height-default elementor-section-height-default\" data-id=\"295ec510\" data-element_type=\"section\" data-settings=\"{&quot;background_background&quot;:&quot;classic&quot;}\">\n\t\t\t\t\t\t\t<div class=\"elementor-background-overlay\"><\/div>\n\t\t\t\t\t\t\t<div class=\"elementor-container elementor-column-gap-no\">\n\t\t\t\t\t<div class=\"elementor-column elementor-col-25 elementor-top-column elementor-element elementor-element-7c78fec8\" data-id=\"7c78fec8\" data-element_type=\"column\">\n\t\t\t<div class=\"elementor-widget-wrap elementor-element-populated\">\n\t\t\t\t\t\t<div class=\"elementor-element elementor-element-c32f562 elementor-widget elementor-widget-eli-logo\" data-id=\"c32f562\" data-element_type=\"widget\" data-widget_type=\"eli-logo.default\">\n\t\t\t\t<div class=\"elementor-widget-container\">\n\t\t\t\t\t<div class=\"widget-eli eli-logo\" id=\"eli_204666210\">\n    <div class=\"eli_container\">\n                    <a href=\"https:\/\/mallorcabauimmobilien.de\/\"  class=\"custom-logo-link\">\n                <img decoding=\"async\" src=\"https:\/\/mallorcabauimmobilien.de\/wp-content\/uploads\/2026\/01\/logo-mallorca-bau-immobiliem.png\" alt=\"Mallorca Bau Immobilien\">\n            <\/a>\n            <\/div>\n<\/div>\t\t\t\t<\/div>\n\t\t\t\t<\/div>\n\t\t\t\t\t<\/div>\n\t\t<\/div>\n\t\t\t\t<div class=\"elementor-column elementor-col-25 elementor-top-column elementor-element elementor-element-ce45971\" data-id=\"ce45971\" data-element_type=\"column\">\n\t\t\t<div class=\"elementor-widget-wrap elementor-element-populated\">\n\t\t\t\t\t\t<div class=\"elementor-element elementor-element-5b2b7d8f elementor-widget elementor-widget-heading\" data-id=\"5b2b7d8f\" data-element_type=\"widget\" data-widget_type=\"heading.default\">\n\t\t\t\t\t<h2 class=\"elementor-heading-title elementor-size-default\">CONTACTO<\/h2>\t\t\t\t<\/div>\n\t\t\t\t<div class=\"elementor-element elementor-element-17554cf elementor-list-item-link-inline elementor-mobile-align-center elementor-icon-list--layout-traditional elementor-widget elementor-widget-icon-list\" data-id=\"17554cf\" data-element_type=\"widget\" data-widget_type=\"icon-list.default\">\n\t\t\t\t\t\t\t<ul class=\"elementor-icon-list-items\">\n\t\t\t\t\t\t\t<li class=\"elementor-icon-list-item\">\n\t\t\t\t\t\t\t\t\t\t\t<a href=\"tel:0034971670734\">\n\n\t\t\t\t\t\t\t\t\t\t\t\t<span class=\"elementor-icon-list-icon\">\n\t\t\t\t\t\t\t<i aria-hidden=\"true\" class=\"fas fa-store\"><\/i>\t\t\t\t\t\t<\/span>\n\t\t\t\t\t\t\t\t\t\t<span class=\"elementor-icon-list-text\">(+34) 971 670 734<\/span>\n\t\t\t\t\t\t\t\t\t\t\t<\/a>\n\t\t\t\t\t\t\t\t\t<\/li>\n\t\t\t\t\t\t\t\t<li class=\"elementor-icon-list-item\">\n\t\t\t\t\t\t\t\t\t\t\t<a href=\"tel:0034615640952\">\n\n\t\t\t\t\t\t\t\t\t\t\t\t<span class=\"elementor-icon-list-icon\">\n\t\t\t\t\t\t\t<i aria-hidden=\"true\" class=\"fas fa-phone-alt\"><\/i>\t\t\t\t\t\t<\/span>\n\t\t\t\t\t\t\t\t\t\t<span class=\"elementor-icon-list-text\">(+34) 615 640 952<\/span>\n\t\t\t\t\t\t\t\t\t\t\t<\/a>\n\t\t\t\t\t\t\t\t\t<\/li>\n\t\t\t\t\t\t\t\t<li class=\"elementor-icon-list-item\">\n\t\t\t\t\t\t\t\t\t\t\t<a href=\"mailto:info@mallorcabauimmobilien.de\">\n\n\t\t\t\t\t\t\t\t\t\t\t\t<span class=\"elementor-icon-list-icon\">\n\t\t\t\t\t\t\t<i aria-hidden=\"true\" class=\"far fa-envelope\"><\/i>\t\t\t\t\t\t<\/span>\n\t\t\t\t\t\t\t\t\t\t<span class=\"elementor-icon-list-text\">info@mallorcabauimmobilien.de<\/span>\n\t\t\t\t\t\t\t\t\t\t\t<\/a>\n\t\t\t\t\t\t\t\t\t<\/li>\n\t\t\t\t\t\t<\/ul>\n\t\t\t\t\t\t<\/div>\n\t\t\t\t<div class=\"elementor-element elementor-element-7a773fa9 elementor-widget elementor-widget-text-editor\" data-id=\"7a773fa9\" data-element_type=\"widget\" data-widget_type=\"text-editor.default\">\n\t\t\t\t\t\t\t\t\t<p><strong>Direcci\u00f3n:<\/strong><br \/>Calle Sirenas, S\/N<br \/>Cala Vinyes , C.P: 07184.<br \/>Calvi\u00e0 (Islas Baleares)<\/p>\t\t\t\t\t\t\t\t<\/div>\n\t\t\t\t\t<\/div>\n\t\t<\/div>\n\t\t\t\t<div class=\"elementor-column elementor-col-25 elementor-top-column elementor-element elementor-element-3bb91577\" data-id=\"3bb91577\" data-element_type=\"column\">\n\t\t\t<div class=\"elementor-widget-wrap elementor-element-populated\">\n\t\t\t\t\t\t<div class=\"elementor-element elementor-element-64a50545 elementor-widget elementor-widget-heading\" data-id=\"64a50545\" data-element_type=\"widget\" data-widget_type=\"heading.default\">\n\t\t\t\t\t<h2 class=\"elementor-heading-title elementor-size-default\">INFORMACI\u00d3N<\/h2>\t\t\t\t<\/div>\n\t\t\t\t<div class=\"elementor-element elementor-element-d15b89b elementor-mobile-align-center elementor-icon-list--layout-traditional elementor-list-item-link-full_width elementor-widget elementor-widget-icon-list\" data-id=\"d15b89b\" data-element_type=\"widget\" data-widget_type=\"icon-list.default\">\n\t\t\t\t\t\t\t<ul class=\"elementor-icon-list-items\">\n\t\t\t\t\t\t\t<li class=\"elementor-icon-list-item\">\n\t\t\t\t\t\t\t\t\t\t\t<a href=\"https:\/\/mallorcabauimmobilien.de\/?page_id=474\">\n\n\t\t\t\t\t\t\t\t\t\t\t\t<span class=\"elementor-icon-list-icon\">\n\t\t\t\t\t\t\t<i aria-hidden=\"true\" class=\"fas fa-chevron-right\"><\/i>\t\t\t\t\t\t<\/span>\n\t\t\t\t\t\t\t\t\t\t<span class=\"elementor-icon-list-text\">Atenci\u00f3n al cliente<\/span>\n\t\t\t\t\t\t\t\t\t\t\t<\/a>\n\t\t\t\t\t\t\t\t\t<\/li>\n\t\t\t\t\t\t\t\t<li class=\"elementor-icon-list-item\">\n\t\t\t\t\t\t\t\t\t\t\t<a href=\"https:\/\/mallorcabauimmobilien.de\/?page_id=3\">\n\n\t\t\t\t\t\t\t\t\t\t\t\t<span class=\"elementor-icon-list-icon\">\n\t\t\t\t\t\t\t<i aria-hidden=\"true\" class=\"fas fa-chevron-right\"><\/i>\t\t\t\t\t\t<\/span>\n\t\t\t\t\t\t\t\t\t\t<span class=\"elementor-icon-list-text\">Pol\u00edtica de privacidad<\/span>\n\t\t\t\t\t\t\t\t\t\t\t<\/a>\n\t\t\t\t\t\t\t\t\t<\/li>\n\t\t\t\t\t\t\t\t<li class=\"elementor-icon-list-item\">\n\t\t\t\t\t\t\t\t\t\t\t<a href=\"https:\/\/mallorcabauimmobilien.de\/?page_id=1261\">\n\n\t\t\t\t\t\t\t\t\t\t\t\t<span class=\"elementor-icon-list-icon\">\n\t\t\t\t\t\t\t<i aria-hidden=\"true\" class=\"fas fa-chevron-right\"><\/i>\t\t\t\t\t\t<\/span>\n\t\t\t\t\t\t\t\t\t\t<span class=\"elementor-icon-list-text\">Pol\u00edtica de cookies<\/span>\n\t\t\t\t\t\t\t\t\t\t\t<\/a>\n\t\t\t\t\t\t\t\t\t<\/li>\n\t\t\t\t\t\t<\/ul>\n\t\t\t\t\t\t<\/div>\n\t\t\t\t\t<\/div>\n\t\t<\/div>\n\t\t\t\t<div class=\"elementor-column elementor-col-25 elementor-top-column elementor-element elementor-element-4b3002dd no-padding\" data-id=\"4b3002dd\" data-element_type=\"column\">\n\t\t\t<div class=\"elementor-widget-wrap elementor-element-populated\">\n\t\t\t\t\t\t<div class=\"elementor-element elementor-element-7e4d0c67 elementor-widget elementor-widget-heading\" data-id=\"7e4d0c67\" data-element_type=\"widget\" data-widget_type=\"heading.default\">\n\t\t\t\t\t<h2 class=\"elementor-heading-title elementor-size-default\">Newsletter<\/h2>\t\t\t\t<\/div>\n\t\t\t\t<div class=\"elementor-element elementor-element-4384fcc1 elementor-button-align-stretch elementor-widget elementor-widget-eli-newsletter\" data-id=\"4384fcc1\" data-element_type=\"widget\" data-widget_type=\"eli-newsletter.default\">\n\t\t\t\t<div class=\"elementor-widget-container\">\n\t\t\t\t\t\n\n                                    <div class=\"widget-elementinvader_addons_for_elementor elementinvader_contact_form contact-form\" id=\"elementinvader_addons_for_elementor_1132788929\">\n    <div class=\"elementinvader_addons_for_elementor-container\">\n        <form class=\"elementinvader_addons_for_elementor_f\" >\n            <input type=\"hidden\" name=\"element_id\" value=\"1132788929\"\/>\n\n            <input type=\"hidden\" name=\"eli_id\" value=\"4384fcc1\"\/>\n            <input type=\"hidden\" name=\"eli_type\" value=\"eli-newsletter\"\/>\n                        <input type=\"hidden\" name=\"eli_page_id\" value=\"1261\"\/>\n                                                <input type=\"hidden\" name=\"send_action_type\" value=\"mail_base\"\/>\n                                        \n            <div class=\"config\" data-url=\"https:\/\/mallorcabauimmobilien.de\/wp-admin\/admin-ajax.php\"><\/div>\n                                            <div class=\"elementinvader_addons_for_elementor_f_box_alert\"><\/div>\n                        <div class=\"elementinvader_addons_for_elementor_f_container\">\n                <div class=\"elementinvader_addons_for_elementor_f_group email elementinvader_addons_for_elementor_f_group_el_7250807 \" style=\"\">\n                <input     \n                name=\"Email\" id=\"emailemail\" type=\"email\" class=\"elementinvader_addons_for_elementor_f_field\" required=\"required\" value=\"\" placeholder=\"Email\" >\n            <\/div>                <div class=\"elementinvader_addons_for_elementor_f_group elementinvader_addons_for_elementor_f_group_el_button  justify  \" >\n                    <button type=\"submit\" >\n                        <span >\n                                                            <span >\n                                                                                                        <\/span>\n                                                                                            <span class=\"elementor-button-text\">Subscribe<\/span>\n                                                        <i class=\"fa fa-spinner fa-spin fa-custom-ajax-indicator ajax-indicator-masking \" style=\"display: none;\"><\/i>\n                        <\/span>\n                    <\/button>\n                <\/div>\n            <\/div>\n            \n                    <\/form>\n    <\/div>\n<\/div>\t\t\t\t<\/div>\n\t\t\t\t<\/div>\n\t\t\t\t\t<\/div>\n\t\t<\/div>\n\t\t\t\t\t<\/div>\n\t\t<\/footer>\n\t\t\t\t<section class=\"elementor-section elementor-top-section elementor-element elementor-element-5a16891 elementor-section-boxed elementor-section-height-default elementor-section-height-default\" data-id=\"5a16891\" data-element_type=\"section\" data-settings=\"{&quot;background_background&quot;:&quot;classic&quot;}\">\n\t\t\t\t\t\t<div class=\"elementor-container elementor-column-gap-no\">\n\t\t\t\t\t<div class=\"elementor-column elementor-col-100 elementor-top-column elementor-element elementor-element-6770cf6\" data-id=\"6770cf6\" data-element_type=\"column\">\n\t\t\t<div class=\"elementor-widget-wrap elementor-element-populated\">\n\t\t\t\t\t\t<div class=\"elementor-element elementor-element-62a02cb elementor-widget elementor-widget-heading\" data-id=\"62a02cb\" data-element_type=\"widget\" data-widget_type=\"heading.default\">\n\t\t\t\t\t<div class=\"elementor-heading-title elementor-size-default\">Copyright \u00a9 2025 Mallorca Bau Immobilien<\/div>\t\t\t\t<\/div>\n\t\t\t\t\t<\/div>\n\t\t<\/div>\n\t\t\t\t\t<\/div>\n\t\t<\/section>\n\t\t\t\t<\/div>\n\t\t","protected":false},"excerpt":{"rendered":"<p>+INFO.: +34 971 670 734.\u00a0 +34 615 640 952. &#8211; Calle Sirenas, S\/N &#8211;\u00a0Cala Vinyes, C.P: 07184 &#8211; Calvi\u00e0 (Islas Baleares) Villas Apartamentos Solares Contacto Villas Apartamentos Solares Contacto POLITICA DE COOKIES Las cookies son peque\u00f1as cantidades de informaci\u00f3n que se almacenan en el navegador utilizado por cada usuario para que el servidor recuerde cierta [&hellip;]<\/p>\n","protected":false},"author":1,"featured_media":0,"parent":0,"menu_order":0,"comment_status":"closed","ping_status":"closed","template":"elementor_canvas","meta":{"footnotes":""},"class_list":["post-1261","page","type-page","status-publish","hentry"],"_links":{"self":[{"href":"https:\/\/mallorcabauimmobilien.de\/index.php?rest_route=\/wp\/v2\/pages\/1261","targetHints":{"allow":["GET"]}}],"collection":[{"href":"https:\/\/mallorcabauimmobilien.de\/index.php?rest_route=\/wp\/v2\/pages"}],"about":[{"href":"https:\/\/mallorcabauimmobilien.de\/index.php?rest_route=\/wp\/v2\/types\/page"}],"author":[{"embeddable":true,"href":"https:\/\/mallorcabauimmobilien.de\/index.php?rest_route=\/wp\/v2\/users\/1"}],"replies":[{"embeddable":true,"href":"https:\/\/mallorcabauimmobilien.de\/index.php?rest_route=%2Fwp%2Fv2%2Fcomments&post=1261"}],"version-history":[{"count":29,"href":"https:\/\/mallorcabauimmobilien.de\/index.php?rest_route=\/wp\/v2\/pages\/1261\/revisions"}],"predecessor-version":[{"id":2070,"href":"https:\/\/mallorcabauimmobilien.de\/index.php?rest_route=\/wp\/v2\/pages\/1261\/revisions\/2070"}],"wp:attachment":[{"href":"https:\/\/mallorcabauimmobilien.de\/index.php?rest_route=%2Fwp%2Fv2%2Fmedia&parent=1261"}],"curies":[{"name":"wp","href":"https:\/\/api.w.org\/{rel}","templated":true}]}}